{"id":661,"date":"2020-04-03T20:02:06","date_gmt":"2020-04-03T18:02:06","guid":{"rendered":"http:\/\/parafiajeziorany.pl\/?page_id=661"},"modified":"2021-03-31T19:38:59","modified_gmt":"2021-03-31T17:38:59","slug":"piesni-wielkopostne","status":"publish","type":"page","link":"http:\/\/parafiajeziorany.pl\/?page_id=661","title":{"rendered":"Pie\u015bni Wielkopostne"},"content":{"rendered":"\n<figure class=\"wp-block-embed is-type-video is-provider-youtube wp-block-embed-youtube wp-embed-aspect-16-9 wp-has-aspect-ratio\"><div class=\"wp-block-embed__wrapper\">\n<iframe loading=\"lazy\" title=\"Ludu, m\u00f3j ludu [#06] Pie\u015bni wielkopostne || Edycja 2021\" width=\"525\" height=\"295\" src=\"https:\/\/www.youtube.com\/embed\/8pnDB9_ADv8?feature=oembed\" frameborder=\"0\" allow=\"accelerometer; autoplay; clipboard-write; encrypted-media; gyroscope; picture-in-picture; web-share\" referrerpolicy=\"strict-origin-when-cross-origin\" allowfullscreen><\/iframe>\n<\/div><figcaption><strong><span class=\"has-inline-color has-vivid-purple-color\">Ludu, m\u00f3j ludu<\/span><\/strong><\/figcaption><\/figure>\n\n\n\n<figure class=\"wp-block-embed is-type-video is-provider-youtube wp-block-embed-youtube wp-embed-aspect-16-9 wp-has-aspect-ratio\"><div class=\"wp-block-embed__wrapper\">\n<iframe loading=\"lazy\" title=\"Jezu Chryste Panie mi\u0142y [#05] Pie\u015bni wielkopostne || Edycja 2021\" width=\"525\" height=\"295\" src=\"https:\/\/www.youtube.com\/embed\/J6Z7YADeceM?feature=oembed\" frameborder=\"0\" allow=\"accelerometer; autoplay; clipboard-write; encrypted-media; gyroscope; picture-in-picture; web-share\" referrerpolicy=\"strict-origin-when-cross-origin\" allowfullscreen><\/iframe>\n<\/div><figcaption><strong><span class=\"has-inline-color has-vivid-purple-color\">Jezu Chryste Panie mi\u0142y<\/span><\/strong><\/figcaption><\/figure>\n\n\n\n<figure class=\"wp-block-embed is-type-video is-provider-youtube wp-block-embed-youtube wp-embed-aspect-16-9 wp-has-aspect-ratio\"><div class=\"wp-block-embed__wrapper\">\n<iframe loading=\"lazy\" title=\"\u015awi\u0119to\u015b\u0107 Krzy\u017ca rozpami\u0119tuj - Na cze\u015b\u0107 krzy\u017ca \u015bwi\u0119tego [#04] Pie\u015bni wielkopostne || Edycja 2021\" width=\"525\" height=\"295\" src=\"https:\/\/www.youtube.com\/embed\/z8gNEndzYZ0?feature=oembed\" frameborder=\"0\" allow=\"accelerometer; autoplay; clipboard-write; encrypted-media; gyroscope; picture-in-picture; web-share\" referrerpolicy=\"strict-origin-when-cross-origin\" allowfullscreen><\/iframe>\n<\/div><figcaption><strong><span class=\"has-inline-color has-vivid-purple-color\">\u015awi\u0119to\u015b\u0107 Krzy\u017ca rozpami\u0119tuj<\/span><\/strong><\/figcaption><\/figure>\n\n\n\n<figure class=\"wp-block-embed is-type-video is-provider-youtube wp-block-embed-youtube wp-embed-aspect-16-9 wp-has-aspect-ratio\"><div class=\"wp-block-embed__wrapper\">\n<iframe loading=\"lazy\" title=\"Krzy\u017cu Chrystusa [#03] Pie\u015bni wielkopostne || Edycja 2021\" width=\"525\" height=\"295\" src=\"https:\/\/www.youtube.com\/embed\/UMauR-ai1w4?feature=oembed\" frameborder=\"0\" allow=\"accelerometer; autoplay; clipboard-write; encrypted-media; gyroscope; picture-in-picture; web-share\" referrerpolicy=\"strict-origin-when-cross-origin\" allowfullscreen><\/iframe>\n<\/div><figcaption><strong><span class=\"has-inline-color has-vivid-purple-color\">Krzy\u017cu Chrystusa<\/span><\/strong><\/figcaption><\/figure>\n\n\n\n<figure class=\"wp-block-embed is-type-video is-provider-youtube wp-block-embed-youtube wp-embed-aspect-16-9 wp-has-aspect-ratio\"><div class=\"wp-block-embed__wrapper\">\n<iframe loading=\"lazy\" title=\"Nawr\u00f3\u0107 nas Panie || Pie\u015bni wielkopostne || Edycja 2021\" width=\"525\" height=\"295\" src=\"https:\/\/www.youtube.com\/embed\/_bHLU3hxlo0?feature=oembed\" frameborder=\"0\" allow=\"accelerometer; autoplay; clipboard-write; encrypted-media; gyroscope; picture-in-picture; web-share\" referrerpolicy=\"strict-origin-when-cross-origin\" allowfullscreen><\/iframe>\n<\/div><figcaption><strong><span class=\"has-inline-color has-vivid-purple-color\">Nawr\u00f3\u0107 nas Panie<\/span><\/strong><\/figcaption><\/figure>\n\n\n\n<figure class=\"wp-block-embed is-type-video is-provider-youtube wp-block-embed-youtube wp-embed-aspect-16-9 wp-has-aspect-ratio\"><div class=\"wp-block-embed__wrapper\">\n<iframe loading=\"lazy\" title=\"W swe ramiona mnie we\u017a - De profundis [#02]  Pie\u015bni wielkopostne || Edycja 2021\" width=\"525\" height=\"295\" src=\"https:\/\/www.youtube.com\/embed\/QidQpU2exPw?feature=oembed\" frameborder=\"0\" allow=\"accelerometer; autoplay; clipboard-write; encrypted-media; gyroscope; picture-in-picture; web-share\" referrerpolicy=\"strict-origin-when-cross-origin\" allowfullscreen><\/iframe>\n<\/div><figcaption><strong><span class=\"has-inline-color has-vivid-purple-color\">W swe ramiona mnie we\u017a<\/span><\/strong><\/figcaption><\/figure>\n\n\n\n<figure class=\"wp-block-embed is-type-video is-provider-youtube wp-block-embed-youtube wp-embed-aspect-16-9 wp-has-aspect-ratio\"><div class=\"wp-block-embed__wrapper\">\n<iframe loading=\"lazy\" title=\"Pie\u015bni wielkopostne [#01] Chwa\u0142a Chrystusowi\" width=\"525\" height=\"295\" src=\"https:\/\/www.youtube.com\/embed\/I0xSd8rOwwc?start=37&#038;feature=oembed\" frameborder=\"0\" allow=\"accelerometer; autoplay; clipboard-write; encrypted-media; gyroscope; picture-in-picture; web-share\" referrerpolicy=\"strict-origin-when-cross-origin\" allowfullscreen><\/iframe>\n<\/div><figcaption>Chwa\u0142a Chrystusowi<\/figcaption><\/figure>\n\n\n\n<figure class=\"wp-block-embed is-type-video is-provider-youtube wp-block-embed-youtube wp-embed-aspect-16-9 wp-has-aspect-ratio\"><div class=\"wp-block-embed__wrapper\">\n<iframe loading=\"lazy\" title=\"Pie\u015bni wielkopostne [#02] Trisagion 1\" width=\"525\" height=\"295\" src=\"https:\/\/www.youtube.com\/embed\/YVFGrxIKXFk?feature=oembed\" frameborder=\"0\" allow=\"accelerometer; autoplay; clipboard-write; encrypted-media; gyroscope; picture-in-picture; web-share\" referrerpolicy=\"strict-origin-when-cross-origin\" allowfullscreen><\/iframe>\n<\/div><figcaption>Trisagion 1.<\/figcaption><\/figure>\n\n\n\n<figure class=\"wp-block-embed is-type-video is-provider-youtube wp-block-embed-youtube wp-embed-aspect-16-9 wp-has-aspect-ratio\"><div class=\"wp-block-embed__wrapper\">\n<iframe loading=\"lazy\" title=\"Pie\u015bni wielkopostne [#03] Zawitaj Ukrzy\u017cowany\" width=\"525\" height=\"295\" src=\"https:\/\/www.youtube.com\/embed\/ka-BTipqXbM?start=63&#038;feature=oembed\" frameborder=\"0\" allow=\"accelerometer; autoplay; clipboard-write; encrypted-media; gyroscope; picture-in-picture; web-share\" referrerpolicy=\"strict-origin-when-cross-origin\" allowfullscreen><\/iframe>\n<\/div><figcaption>Zawitaj Ukrzy\u017cowany<\/figcaption><\/figure>\n\n\n\n<figure class=\"wp-block-embed is-type-video is-provider-youtube wp-block-embed-youtube wp-embed-aspect-16-9 wp-has-aspect-ratio\"><div class=\"wp-block-embed__wrapper\">\n<iframe loading=\"lazy\" title=\"Pie\u015bni wielkopostne [#04] Witaj, g\u0142owo (Do twarzy Chrystusa)\" width=\"525\" height=\"295\" src=\"https:\/\/www.youtube.com\/embed\/huP7MrrNdro?start=5&#038;feature=oembed\" frameborder=\"0\" allow=\"accelerometer; autoplay; clipboard-write; encrypted-media; gyroscope; picture-in-picture; web-share\" referrerpolicy=\"strict-origin-when-cross-origin\" allowfullscreen><\/iframe>\n<\/div><figcaption>Witaj, g\u0142owo (Do twarzy Chrystusa)<\/figcaption><\/figure>\n\n\n\n<figure class=\"wp-block-embed is-type-video is-provider-youtube wp-block-embed-youtube wp-embed-aspect-16-9 wp-has-aspect-ratio\"><div class=\"wp-block-embed__wrapper\">\n<iframe loading=\"lazy\" title=\"Pie\u015bni wielkopostne [#05] Krzy\u017cu \u015awi\u0119ty\" width=\"525\" height=\"295\" src=\"https:\/\/www.youtube.com\/embed\/ZgXvGx3MU1k?feature=oembed\" frameborder=\"0\" allow=\"accelerometer; autoplay; clipboard-write; encrypted-media; gyroscope; picture-in-picture; web-share\" referrerpolicy=\"strict-origin-when-cross-origin\" allowfullscreen><\/iframe>\n<\/div><figcaption>Krzy\u017cu \u015awi\u0119ty<\/figcaption><\/figure>\n\n\n\n<figure class=\"wp-block-embed is-type-video is-provider-youtube wp-block-embed-youtube wp-embed-aspect-16-9 wp-has-aspect-ratio\"><div class=\"wp-block-embed__wrapper\">\n<iframe loading=\"lazy\" title=\"Pie\u015bni wielkopostne [#06] Kr\u00f3la wznosz\u0105 si\u0119 znamiona\" width=\"525\" height=\"295\" src=\"https:\/\/www.youtube.com\/embed\/PeujcOYMlp0?feature=oembed\" frameborder=\"0\" allow=\"accelerometer; autoplay; clipboard-write; encrypted-media; gyroscope; picture-in-picture; web-share\" referrerpolicy=\"strict-origin-when-cross-origin\" allowfullscreen><\/iframe>\n<\/div><figcaption>Kr\u00f3la wznosz\u0105 si\u0119 znamiona<\/figcaption><\/figure>\n\n\n\n<figure class=\"wp-block-embed is-type-video is-provider-youtube wp-block-embed-youtube wp-embed-aspect-16-9 wp-has-aspect-ratio\"><div class=\"wp-block-embed__wrapper\">\n<iframe loading=\"lazy\" title=\"Pie\u015bni wielkopostne [#07] Tak bowiem B\u00f3g umi\u0142owa\u0142 \u015bwiat\" width=\"525\" height=\"295\" src=\"https:\/\/www.youtube.com\/embed\/qFwwQc6WdT4?feature=oembed\" frameborder=\"0\" allow=\"accelerometer; autoplay; clipboard-write; encrypted-media; gyroscope; picture-in-picture; web-share\" referrerpolicy=\"strict-origin-when-cross-origin\" allowfullscreen><\/iframe>\n<\/div><figcaption>Tak bowiem B\u00f3g umi\u0142owa\u0142 \u015bwiat<\/figcaption><\/figure>\n\n\n\n<figure class=\"wp-block-embed is-type-video is-provider-youtube wp-block-embed-youtube wp-embed-aspect-16-9 wp-has-aspect-ratio\"><div class=\"wp-block-embed__wrapper\">\n<iframe loading=\"lazy\" title=\"Pie\u015bni wielkopostne [#08] Sta\u0142a Matka Bole\u015bciwa\" width=\"525\" height=\"295\" src=\"https:\/\/www.youtube.com\/embed\/gZWHykLIys0?feature=oembed\" frameborder=\"0\" allow=\"accelerometer; autoplay; clipboard-write; encrypted-media; gyroscope; picture-in-picture; web-share\" referrerpolicy=\"strict-origin-when-cross-origin\" allowfullscreen><\/iframe>\n<\/div><figcaption>Sta\u0142a Matka Bole\u015bciwa<\/figcaption><\/figure>\n\n\n\n<figure class=\"wp-block-embed is-type-video is-provider-youtube wp-block-embed-youtube wp-embed-aspect-16-9 wp-has-aspect-ratio\"><div class=\"wp-block-embed__wrapper\">\n<iframe loading=\"lazy\" title=\"Siewcy Lednicy - Jezu Chryste, Panie mi\u0142y\" width=\"525\" height=\"295\" src=\"https:\/\/www.youtube.com\/embed\/khdzbE_i0yg?feature=oembed\" frameborder=\"0\" allow=\"accelerometer; autoplay; clipboard-write; encrypted-media; gyroscope; picture-in-picture; web-share\" referrerpolicy=\"strict-origin-when-cross-origin\" allowfullscreen><\/iframe>\n<\/div><figcaption>Jezu Chryste Panie mi\u0142y<\/figcaption><\/figure>\n\n\n\n<figure class=\"wp-block-embed is-type-video is-provider-youtube wp-block-embed-youtube wp-embed-aspect-16-9 wp-has-aspect-ratio\"><div class=\"wp-block-embed__wrapper\">\n<iframe loading=\"lazy\" title=\"Siewcy Lednicy - P\u0142aczcie anieli\" width=\"525\" height=\"295\" src=\"https:\/\/www.youtube.com\/embed\/hSzy0v2sMe8?feature=oembed\" frameborder=\"0\" allow=\"accelerometer; autoplay; clipboard-write; encrypted-media; gyroscope; picture-in-picture; web-share\" referrerpolicy=\"strict-origin-when-cross-origin\" allowfullscreen><\/iframe>\n<\/div><figcaption>P\u0142aczcie anieli<\/figcaption><\/figure>\n\n\n\n<figure class=\"wp-block-embed is-type-video is-provider-youtube wp-block-embed-youtube wp-embed-aspect-16-9 wp-has-aspect-ratio\"><div class=\"wp-block-embed__wrapper\">\n<iframe loading=\"lazy\" title=\"Siewcy Lednicy - Ogrodzie Oliwny\" width=\"525\" height=\"295\" src=\"https:\/\/www.youtube.com\/embed\/ogMYgO6WeOo?feature=oembed\" frameborder=\"0\" allow=\"accelerometer; autoplay; clipboard-write; encrypted-media; gyroscope; picture-in-picture; web-share\" referrerpolicy=\"strict-origin-when-cross-origin\" allowfullscreen><\/iframe>\n<\/div><figcaption>Ogrodzie Oliwny<\/figcaption><\/figure>\n\n\n\n<figure class=\"wp-block-embed is-type-video is-provider-youtube wp-block-embed-youtube wp-embed-aspect-16-9 wp-has-aspect-ratio\"><div class=\"wp-block-embed__wrapper\">\n<iframe loading=\"lazy\" title=\"Siewcy Lednicy - Krzy\u017cu \u015bwi\u0119ty nade wszystko\" width=\"525\" height=\"295\" src=\"https:\/\/www.youtube.com\/embed\/BhtEI3spgf8?feature=oembed\" frameborder=\"0\" allow=\"accelerometer; autoplay; clipboard-write; encrypted-media; gyroscope; picture-in-picture; web-share\" referrerpolicy=\"strict-origin-when-cross-origin\" allowfullscreen><\/iframe>\n<\/div><figcaption>Krzy\u017cu \u015bwi\u0119ty nade wszystko<\/figcaption><\/figure>\n\n\n\n<figure class=\"wp-block-embed is-type-video is-provider-youtube wp-block-embed-youtube wp-embed-aspect-16-9 wp-has-aspect-ratio\"><div class=\"wp-block-embed__wrapper\">\n<iframe loading=\"lazy\" title=\"Siewcy Lednicy - Dobranoc, G\u0142owo \u015awi\u0119ta\" width=\"525\" height=\"295\" src=\"https:\/\/www.youtube.com\/embed\/dKO6yqSyeoI?feature=oembed\" frameborder=\"0\" allow=\"accelerometer; autoplay; clipboard-write; encrypted-media; gyroscope; picture-in-picture; web-share\" referrerpolicy=\"strict-origin-when-cross-origin\" allowfullscreen><\/iframe>\n<\/div><figcaption>Dobranoc, G\u0142owo \u015bwi\u0119ta<\/figcaption><\/figure>\n","protected":false},"excerpt":{"rendered":"","protected":false},"author":2,"featured_media":0,"parent":0,"menu_order":0,"comment_status":"closed","ping_status":"closed","template":"","meta":{"footnotes":""},"class_list":["post-661","page","type-page","status-publish","hentry"],"_links":{"self":[{"href":"http:\/\/parafiajeziorany.pl\/index.php?rest_route=\/wp\/v2\/pages\/661","targetHints":{"allow":["GET"]}}],"collection":[{"href":"http:\/\/parafiajeziorany.pl\/index.php?rest_route=\/wp\/v2\/pages"}],"about":[{"href":"http:\/\/parafiajeziorany.pl\/index.php?rest_route=\/wp\/v2\/types\/page"}],"author":[{"embeddable":true,"href":"http:\/\/parafiajeziorany.pl\/index.php?rest_route=\/wp\/v2\/users\/2"}],"replies":[{"embeddable":true,"href":"http:\/\/parafiajeziorany.pl\/index.php?rest_route=%2Fwp%2Fv2%2Fcomments&post=661"}],"version-history":[{"count":11,"href":"http:\/\/parafiajeziorany.pl\/index.php?rest_route=\/wp\/v2\/pages\/661\/revisions"}],"predecessor-version":[{"id":1874,"href":"http:\/\/parafiajeziorany.pl\/index.php?rest_route=\/wp\/v2\/pages\/661\/revisions\/1874"}],"wp:attachment":[{"href":"http:\/\/parafiajeziorany.pl\/index.php?rest_route=%2Fwp%2Fv2%2Fmedia&parent=661"}],"curies":[{"name":"wp","href":"https:\/\/api.w.org\/{rel}","templated":true}]}}